{"id":5910,"date":"2026-09-04T14:51:25","date_gmt":"2026-09-04T19:51:25","guid":{"rendered":"https:\/\/donaciones.jesuitas.org.co\/?page_id=5910"},"modified":"2026-09-04T16:57:30","modified_gmt":"2026-09-04T21:57:30","slug":"unidos-por-colombia","status":"publish","type":"page","link":"https:\/\/donaciones.jesuitas.org.co\/?page_id=5910","title":{"rendered":"Unidos por Colombia"},"content":{"rendered":"\n<figure class=\"wp-block-image size-full\"><img loading=\"lazy\" decoding=\"async\" width=\"1920\" height=\"779\" src=\"https:\/\/donaciones.jesuitas.org.co\/wp-content\/uploads\/Portada.jpg.jpeg\" alt=\"\" class=\"wp-image-5912\" srcset=\"https:\/\/donaciones.jesuitas.org.co\/wp-content\/uploads\/Portada.jpg.jpeg 1920w, https:\/\/donaciones.jesuitas.org.co\/wp-content\/uploads\/Portada.jpg-300x122.jpeg 300w, https:\/\/donaciones.jesuitas.org.co\/wp-content\/uploads\/Portada.jpg-1024x415.jpeg 1024w, https:\/\/donaciones.jesuitas.org.co\/wp-content\/uploads\/Portada.jpg-150x61.jpeg 150w, https:\/\/donaciones.jesuitas.org.co\/wp-content\/uploads\/Portada.jpg-768x312.jpeg 768w, https:\/\/donaciones.jesuitas.org.co\/wp-content\/uploads\/Portada.jpg-1536x623.jpeg 1536w\" sizes=\"auto, (max-width: 1920px) 100vw, 1920px\" \/><\/figure>\n\n\n\n<h2 class=\"wp-block-heading has-text-align-center has-vivid-red-color has-text-color has-link-color wp-elements-dec9d591aa6826d3c747668d5fe463ae\">Emergencia Terremoto Colombia<\/h2>\n\n\n\n<h2 class=\"wp-block-heading has-text-align-center has-vivid-red-color has-text-color has-link-color wp-elements-6a4bfe3d5dbf69cafb5a3340e98366e7\">Una sola Colombia, muchas manos, m\u00faltiples formas de colaborar<\/h2>\n\n\n\n<p class=\"has-slightly-large-font-size\">El pasado 10 de agosto de 2026, Colombia sinti\u00f3 c\u00f3mo, en cuesti\u00f3n de segundos, aquello que parec\u00eda firme pod\u00eda estremecerse. Un sismo de magnitud 7,4, con epicentro en San Jos\u00e9 del Palmar, Choc\u00f3, y una profundidad de 103 kil\u00f3metros, sacudi\u00f3 buena parte del territorio nacional y se convirti\u00f3 en el sismo de mayor magnitud registrado en Colombia durante el siglo XXI. <\/p>\n\n\n\n<p class=\"has-slightly-large-font-size\">La <strong>Compa\u00f1\u00eda de Jes\u00fas en Colombia<\/strong> ha puesto en marcha una respuesta institucional unificada que articula a todo su Cuerpo Apost\u00f3lico en el pa\u00eds: colegios, obras pastorales, universidades, centros sociales, la Red Juvenil Ignaciana y Fe y Alegr\u00eda. Trabajando coordinadamente bajo un mismo plan de acci\u00f3n, unimos capacidades, recursos y equipos para acompa\u00f1ar a las comunidades m\u00e1s vulnerables golpeadas por el sismo. <\/p>\n\n\n\n<p class=\"has-slightly-large-font-size\">La respuesta contempla tanto la atenci\u00f3n humanitaria inmediata como los procesos de recuperaci\u00f3n y reconstrucci\u00f3n que ser\u00e1n necesarios durante los pr\u00f3ximos meses, con especial atenci\u00f3n a las personas y comunidades en situaci\u00f3n de mayor vulnerabilidad<\/p>\n\n\n\n<p class=\"has-slightly-large-font-size\">La <strong>Oficina de Desarrollo Amar y Servir<\/strong> nace de esta historia y tradici\u00f3n. Nuestro compromiso es honrar este legado y hacerlo crecer, movilizando recursos para fortalecer la misi\u00f3n jesuita en nuestro pa\u00eds<strong>.<\/strong><\/p>\n\n\n\n<h2 class=\"wp-block-heading has-text-align-left has-vivid-red-color has-text-color has-link-color wp-elements-059d7c4bc6b378856b1a2a61dcffd009\">Nuestro plan de acci\u00f3n<\/h2>\n\n\n\n<div class=\"wp-block-columns alignwide is-layout-flex wp-container-core-columns-is-layout-d2da2050 wp-block-columns-is-layout-flex\" style=\"margin-bottom:0\">\n<div class=\"wp-block-column has-border-color has-white-border-color has-light-background-color has-text-color has-background has-link-color wp-elements-5ddabcd8785598488aafa87ac6f53428 is-layout-flow wp-block-column-is-layout-flow\" style=\"border-width:6px;color:#000000;padding-top:2em;padding-right:2em;padding-bottom:2em;padding-left:2em\">\n<h3 class=\"wp-block-heading has-vivid-red-color has-text-color has-link-color has-very-large-font-size wp-elements-fda05fc59d048e83db4d563602c6c214\" id=\"family\"><strong>Etapa 1 <\/strong><\/h3>\n\n\n\n<hr class=\"wp-block-separator has-text-color has-foreground-color has-alpha-channel-opacity has-foreground-background-color has-background is-style-wide\"\/>\n\n\n\n<p class=\"has-black-color has-text-color has-link-color has-slightly-large-font-size wp-elements-9395ee02a2f5d170b8d5a875b7c3a3a0\"><strong>Respuesta Humanitaria Inmediata <\/strong><\/p>\n\n\n\n<p class=\"has-black-color has-text-color has-link-color has-slightly-large-font-size wp-elements-5e1404c3bf97435e2b6b06b070429f2b\"><strong>(0 \u2013 30 d\u00edas)<\/strong><\/p>\n\n\n\n<p class=\"has-black-color has-text-color has-link-color has-slightly-large-font-size wp-elements-52ad722ba5d651dd468e0a7a8193f03b\">Atenci\u00f3n de emergencias, entrega de suministros de primera necesidad, habilitaci\u00f3n de puntos de acopio y primeros auxilios emocionales y espirituales a familias e individuos afectados.<\/p>\n<\/div>\n\n\n\n<div class=\"wp-block-column has-border-color has-white-border-color has-light-background-color has-text-color has-background has-link-color wp-elements-bb38cbb919f7e065e7ef6aaf41f9d710 is-layout-flow wp-block-column-is-layout-flow\" style=\"border-width:6px;color:#000000;padding-top:2em;padding-right:2em;padding-bottom:2em;padding-left:2em\">\n<h3 class=\"wp-block-heading has-vivid-red-color has-text-color has-link-color has-very-large-font-size wp-elements-5306e1941f6cf4bf1eaa243f55a68a63\" id=\"family\"><strong>Etapa 2<\/strong><\/h3>\n\n\n\n<hr class=\"wp-block-separator has-text-color has-foreground-color has-alpha-channel-opacity has-foreground-background-color has-background is-style-wide\"\/>\n\n\n\n<p class=\"has-black-color has-text-color has-link-color has-slightly-large-font-size wp-elements-49dfa96d91d3b8f9e0f55bc84abe2c05\"><strong>Estabilizaci\u00f3n y Sostenimiento (Meses 1 \u2013 3) <\/strong><\/p>\n\n\n\n<p class=\"has-black-color has-text-color has-link-color has-slightly-large-font-size wp-elements-044c7d4138ecdf602bacdfe95f620b40\">Acompa\u00f1amiento psicopedag\u00f3gico y emocional en obras educativas, apoyo en seguridad alimentaria rural a trav\u00e9s de centros sociales, e instalaci\u00f3n de aulas temporales y espacios de soporte comunitario.<\/p>\n<\/div>\n\n\n\n<div class=\"wp-block-column has-border-color has-white-border-color has-light-background-color has-text-color has-background has-link-color wp-elements-ddd18567cd7998fc9430901e5cda2f20 is-layout-flow wp-block-column-is-layout-flow\" style=\"border-width:6px;color:#000000;padding-top:2em;padding-right:2em;padding-bottom:2em;padding-left:2em\">\n<h3 class=\"wp-block-heading has-vivid-red-color has-text-color has-link-color has-very-large-font-size wp-elements-18798e40a17369917ae03e59eade3314\" id=\"family\"><strong>Etapa 3 <\/strong><\/h3>\n\n\n\n<hr class=\"wp-block-separator has-text-color has-foreground-color has-alpha-channel-opacity has-foreground-background-color has-background is-style-wide\"\/>\n\n\n\n<p class=\"has-black-color has-text-color has-link-color has-slightly-large-font-size wp-elements-421e42cc864edd92e85b66ba336eaff7\"><strong>Reconstrucci\u00f3n y Medios de Vida (Meses 3 en adelante) <\/strong><\/p>\n\n\n\n<p class=\"has-black-color has-text-color has-link-color has-slightly-large-font-size wp-elements-af672ec773f9c315d59e686a5d1b5ea9\">Rehabilitaci\u00f3n f\u00edsica de infraestructuras afectadas, desarrollo rural integral y consolidaci\u00f3n de proyectos comunitarios de mediano y largo plazo para restablecer las condiciones de vida digna.<\/p>\n<\/div>\n<\/div>\n\n\n\n<h2 class=\"wp-block-heading\"><mark style=\"background-color:rgba(0, 0, 0, 0);color:#9b1515\" class=\"has-inline-color\">\u00bfC\u00f3mo puedes colaborar?<\/mark><\/h2>\n\n\n\n<p>Toda la solidaridad nacional e internacional se articula en torno al plan de respuesta liderado por la Compa\u00f1\u00eda de Jes\u00fas en Colombia.<\/p>\n\n\n\n<p>Para facilitar la participaci\u00f3n de personas, instituciones y comunidades de todo el mundo, las Provincias Jesuitas, las Oficinas de Desarrollo (Red Claver y Red Xavier) y aliados internacionales han dispuesto canales de donaci\u00f3n directos. Cada aporte suma al mismo esfuerzo com\u00fan de reconstrucci\u00f3n y esperanza.<\/p>\n\n\n\n<h2 class=\"wp-block-heading\"><mark style=\"background-color:rgba(0, 0, 0, 0);color:#9b1515\" class=\"has-inline-color\">Canales de donaci\u00f3n<\/mark><\/h2>\n\n\n\n<p><strong>Donaciones desde Colombia y giros internacionales directos<\/strong><\/p>\n\n\n\n<ul class=\"wp-block-list\">\n<li><strong>Titular:<\/strong> Oficina de Desarrollo Amar y Servir \/ Compa\u00f1\u00eda de Jes\u00fas<\/li>\n\n\n\n<li><strong>Donaciones en l\u00ednea \/ Tarjeta de cr\u00e9dito:<\/strong><a href=\" https:\/\/aportes.jesuitas.org.co\/emergencia-Colombia\"> https:\/\/aportes.jesuitas.org.co\/emergencia-Colombia<\/a> (Habilitado para Estados Unidos, M\u00e9xico y Espa\u00f1a)<\/li>\n<\/ul>\n\n\n\n<p><strong>Cuentas para Giros Internacionales: Datos para Giros Internacionales \/ Transferencia Bancaria Directa<\/strong> <\/p>\n\n\n\n<ul class=\"wp-block-list\">\n<li><strong>Titular de la cuenta:<\/strong> Compa\u00f1\u00eda de Jes\u00fas Donaciones<\/li>\n\n\n\n<li><strong>Identificaci\u00f3n Tributaria (NIT)<\/strong>: 860.007.627-1<\/li>\n\n\n\n<li><strong>Entidad Bancaria:<\/strong> Bancolombia<\/li>\n\n\n\n<li><strong>N\u00famero de cuenta:<\/strong> 19258780631<\/li>\n\n\n\n<li><strong>C\u00f3digo SWIFT<\/strong>: COLOCOMB<\/li>\n\n\n\n<li><strong>Direcci\u00f3n registrada:<\/strong> Cra. 25 No. 39-79, Bogot\u00e1, Colombia<\/li>\n\n\n\n<li><strong>C\u00f3digo Postal:<\/strong> 111311<\/li>\n\n\n\n<li><strong>Tel\u00e9fono de contacto:<\/strong> +57 1 3314560<\/li>\n\n\n\n<li><strong>Concepto de la transferencia:<\/strong> Emergencia Colombia<\/li>\n<\/ul>\n\n\n\n<p><strong>Donaciones Internacionales a trav\u00e9s de la Red Jesuita Global<\/strong><\/p>\n\n\n\n<p>Puedes apoyar esta respuesta desde tu pa\u00eds a trav\u00e9s de las organizaciones e iniciativas que respaldan la campa\u00f1a Unidos por Colombia:<\/p>\n\n\n\n<ul class=\"wp-block-list\">\n<li><strong><mark style=\"background-color:rgba(0, 0, 0, 0);color:#9b1515\" class=\"has-inline-color\">Red Claver (Am\u00e9rica Latina y el Caribe):<\/mark><\/strong><\/li>\n\n\n\n<li><strong>Argentina (Jesuitas ARU):<\/strong> Banco ICBC | COMPA\u00d1IA DE JESUS | Cuenta CC $ 0917\/02103999\/40 | CBU 0150917902000103999405<\/li>\n\n\n\n<li><strong>Uruguay (Jesuitas ARU):<\/strong> Banco Santander | Titular: Asociaci\u00f3n Cultural D\u00e1maso Antonio Larra\u00f1aga | Cuenta CC $ 0061000004121619 | Cuenta CC US$ 0061000004121619 | Sucursal: 61 | Detalle: Colombia<\/li>\n\n\n\n<li><strong>Brasil:<\/strong> Banco Ita\u00fa | Cuenta: 0098865-0 | Agencia: 0389<\/li>\n\n\n\n<li><strong>Chile:<\/strong> <a href=\"https:\/\/entodoamaryservir.cl\/producto\/unidos-por-colombia\/\">https:\/\/entodoamaryservir.cl\/producto\/unidos-por-colombia\/<\/a><\/li>\n\n\n\n<li><strong>Ecuador (Corporaci\u00f3n SolJusticia):<\/strong> <a href=\"https:\/\/jesuitas.ec\/unidos-por-colombia\/\">https:\/\/jesuitas.ec\/unidos-por-colombia\/<\/a><\/li>\n\n\n\n<li><strong>M\u00e9xico (Fundaci\u00f3n Loyola):<\/strong> Fundaci\u00f3n Loyola<\/li>\n\n\n\n<li><strong>Paraguay (Fundaci\u00f3n Jesuitas):<\/strong> <a href=\"https:\/\/fundacionjesuitas.org.py\/donaciones\/\">https:\/\/fundacionjesuitas.org.py\/donaciones\/<\/a><\/li>\n\n\n\n<li><strong>Per\u00fa (Misi\u00f3n Jesuita):<\/strong> <a href=\"https:\/\/misionjesuita.org\/es\/colabora\/emergencias\/colombia\/\">https:\/\/misionjesuita.org\/es\/colabora\/emergencias\/colombia\/<\/a><\/li>\n\n\n\n<li><strong>Bolivia y Centroam\u00e9rica:<\/strong> Red de Oficinas de Desarrollo de la Provincia.<\/li>\n\n\n\n<li><strong><mark style=\"background-color:rgba(0, 0, 0, 0);color:#9b1515\" class=\"has-inline-color\">Red Xavier y Europa:<\/mark><\/strong><\/li>\n\n\n\n<li><strong>Espa\u00f1a (ALBOAN y Entreculturas):<\/strong><a href=\" https:\/\/donaciones-sj.org\/es\/ayuda-terremoto-colombia?ong=alboan\"> https:\/\/donaciones-sj.org\/es\/ayuda-terremoto-colombia?ong=alboan<\/a><\/li>\n<\/ul>\n\n\n\n<p><strong>Una sola misi\u00f3n.<\/strong> Una red global de solidaridad. La fuerza de esta respuesta reside en la unidad. Mientras los equipos locales y las obras en territorio acompa\u00f1an de primera mano la emergencia en Colombia, la red ignaciana global moviliza recursos, sensibiliza a la sociedad y camina a nuestro lado. <strong>Unidos por Colombia:<\/strong> <strong>Una red global al servicio de la esperanza y la reconstrucci\u00f3n.<\/strong><\/p>\n","protected":false},"excerpt":{"rendered":"<p>Emergencia Terremoto Colombia Una sola Colombia, muchas manos, m\u00faltiples formas de colaborar El pasado 10 de agosto de 2026, Colombia sinti\u00f3 c\u00f3mo, en cuesti\u00f3n de segundos, aquello que parec\u00eda firme pod\u00eda estremecerse. Un sismo de magnitud 7,4, con epicentro en San Jos\u00e9 del Palmar, Choc\u00f3, y una profundidad de 103 kil\u00f3metros, sacudi\u00f3 buena parte del&#8230;<\/p>\n","protected":false},"author":1,"featured_media":2202,"parent":0,"menu_order":0,"comment_status":"closed","ping_status":"closed","template":"","meta":{"footnotes":""},"class_list":["post-5910","page","type-page","status-publish","has-post-thumbnail","hentry"],"_links":{"self":[{"href":"https:\/\/donaciones.jesuitas.org.co\/index.php?rest_route=\/wp\/v2\/pages\/5910","targetHints":{"allow":["GET"]}}],"collection":[{"href":"https:\/\/donaciones.jesuitas.org.co\/index.php?rest_route=\/wp\/v2\/pages"}],"about":[{"href":"https:\/\/donaciones.jesuitas.org.co\/index.php?rest_route=\/wp\/v2\/types\/page"}],"author":[{"embeddable":true,"href":"https:\/\/donaciones.jesuitas.org.co\/index.php?rest_route=\/wp\/v2\/users\/1"}],"replies":[{"embeddable":true,"href":"https:\/\/donaciones.jesuitas.org.co\/index.php?rest_route=%2Fwp%2Fv2%2Fcomments&post=5910"}],"version-history":[{"count":8,"href":"https:\/\/donaciones.jesuitas.org.co\/index.php?rest_route=\/wp\/v2\/pages\/5910\/revisions"}],"predecessor-version":[{"id":5932,"href":"https:\/\/donaciones.jesuitas.org.co\/index.php?rest_route=\/wp\/v2\/pages\/5910\/revisions\/5932"}],"wp:featuredmedia":[{"embeddable":true,"href":"https:\/\/donaciones.jesuitas.org.co\/index.php?rest_route=\/"}],"wp:attachment":[{"href":"https:\/\/donaciones.jesuitas.org.co\/index.php?rest_route=%2Fwp%2Fv2%2Fmedia&parent=5910"}],"curies":[{"name":"wp","href":"https:\/\/api.w.org\/{rel}","templated":true}]}}